{"id":20,"date":"2023-06-14T13:15:02","date_gmt":"2023-06-14T11:15:02","guid":{"rendered":"https:\/\/moc-sms.pl\/?page_id=20"},"modified":"2023-06-14T13:15:02","modified_gmt":"2023-06-14T11:15:02","slug":"bp-stanislaw-jamrozek","status":"publish","type":"page","link":"https:\/\/moc-sms.pl\/index.php\/bp-stanislaw-jamrozek\/","title":{"rendered":"bp Stanis\u0142aw Jamrozek"},"content":{"rendered":"\n<figure class=\"wp-block-image size-full\"><img loading=\"lazy\" decoding=\"async\" width=\"800\" height=\"983\" src=\"https:\/\/moc-sms.pl\/wp-content\/uploads\/2023\/06\/800px-Stanislaw_Jamrozek_2019.jpg\" alt=\"\" class=\"wp-image-21\" srcset=\"https:\/\/moc-sms.pl\/wp-content\/uploads\/2023\/06\/800px-Stanislaw_Jamrozek_2019.jpg 800w, https:\/\/moc-sms.pl\/wp-content\/uploads\/2023\/06\/800px-Stanislaw_Jamrozek_2019-244x300.jpg 244w, https:\/\/moc-sms.pl\/wp-content\/uploads\/2023\/06\/800px-Stanislaw_Jamrozek_2019-768x944.jpg 768w\" sizes=\"auto, (max-width: 800px) 100vw, 800px\" \/><\/figure>\n\n\n\n<p>Urodzi\u0142 si\u0119 5 maja 1960 w Rzeszowie<sup><a href=\"https:\/\/pl.wikipedia.org\/wiki\/Stanis%C5%82aw_Jamrozek#cite_note-Ks._Stanis%C5%82aw_Jamrozek_biskupem_pomocniczym_archidiecezji_przemyskiej-1\">[1]<\/a><\/sup>, a dorasta\u0142 w&nbsp;<a href=\"https:\/\/pl.wikipedia.org\/wiki\/Malawa_(powiat_rzeszowski)\">Malawie<\/a><sup><a href=\"https:\/\/pl.wikipedia.org\/wiki\/Stanis%C5%82aw_Jamrozek#cite_note-Dzisiaj_w_Malawie_prymicje_biskupa_Stanis%C5%82awa_Jamrozka-2\">[2]<\/a><\/sup>. Uko\u0144czy\u0142 Technikum Budowlane w Rzeszowie i w 1980 z\u0142o\u017cy\u0142 egzamin dojrza\u0142o\u015bci. Nast\u0119pnie przez trzy lata pracowa\u0142 w wyuczonym zawodzie, jednocze\u015bnie b\u0119d\u0105c pi\u0142karzem&nbsp;<a href=\"https:\/\/pl.wikipedia.org\/wiki\/Walter_Rzesz%C3%B3w\">Waltera<\/a>&nbsp;i&nbsp;<a href=\"https:\/\/pl.wikipedia.org\/wiki\/Zelmer_Rzesz%C3%B3w\">Zelmeru Rzesz\u00f3w<\/a>&nbsp;oraz Strumyku Malawa. W latach 1983\u20131989 odby\u0142 studia w&nbsp;<a href=\"https:\/\/pl.wikipedia.org\/wiki\/Wy%C5%BCsze_Seminarium_Duchowne_w_Przemy%C5%9Blu\">Wy\u017cszym Seminarium Duchownym w Przemy\u015blu<\/a><sup><a href=\"https:\/\/pl.wikipedia.org\/wiki\/Stanis%C5%82aw_Jamrozek#cite_note-Ks._Stanis%C5%82aw_Jamrozek_biskupem_pomocniczym_archidiecezji_przemyskiej-1\">[1]<\/a><\/sup>. 13 stycznia 1989 otrzyma\u0142&nbsp;<a href=\"https:\/\/pl.wikipedia.org\/wiki\/Sakrament_%C5%9Bwi%C4%99ce%C5%84\">\u015bwi\u0119cenia<\/a>&nbsp;<a href=\"https:\/\/pl.wikipedia.org\/wiki\/Diakon\">diakonatu<\/a><sup><a href=\"https:\/\/pl.wikipedia.org\/wiki\/Stanis%C5%82aw_Jamrozek#cite_note-Ojciec_duchowny_seminarium_biskupem_pomocniczym_archidiecezji_przemyskiej-3\">[3]<\/a><\/sup>, a 14 czerwca 1989 zosta\u0142 wy\u015bwi\u0119cony na&nbsp;<a href=\"https:\/\/pl.wikipedia.org\/wiki\/Prezbiter\">prezbitera<\/a>&nbsp;przez biskupa diecezjalnego przemyskiego&nbsp;<a href=\"https:\/\/pl.wikipedia.org\/wiki\/Ignacy_Tokarczuk\">Ignacego Tokarczuka<\/a><sup><a href=\"https:\/\/pl.wikipedia.org\/wiki\/Stanis%C5%82aw_Jamrozek#cite_note-Ks._Stanis%C5%82aw_Jamrozek_biskupem_pomocniczym_archidiecezji_przemyskiej-1\">[1]<\/a><\/sup>. W latach 1992\u20131994 kontynuowa\u0142 studia w zakresie teologii duchowo\u015bci na&nbsp;<a href=\"https:\/\/pl.wikipedia.org\/wiki\/Katolicki_Uniwersytet_Lubelski_Jana_Paw%C5%82a_II\">Katolickim Uniwersytecie Lubelskim<\/a>, ko\u0144cz\u0105c je ze stopniem&nbsp;<a href=\"https:\/\/pl.wikipedia.org\/wiki\/Licencjat_naukowy\">licencjata<\/a><sup><a href=\"https:\/\/pl.wikipedia.org\/wiki\/Stanis%C5%82aw_Jamrozek#cite_note-Ks._Stanis%C5%82aw_Jamrozek_biskupem_pomocniczym_archidiecezji_przemyskiej-1\">[1]<\/a><\/sup>. W latach 1996\u20132000 odby\u0142 studia na&nbsp;<a href=\"https:\/\/pl.wikipedia.org\/wiki\/Papieski_Uniwersytet_%C5%9Awi%C4%99tego_Tomasza_z_Akwinu\">Papieskim Uniwersytecie \u015awi\u0119tego Tomasza z Akwinu<\/a>&nbsp;w Rzymie, kt\u00f3re uwie\u0144czy\u0142&nbsp;<a href=\"https:\/\/pl.wikipedia.org\/wiki\/Doktor_(stopie%C5%84_naukowy)\">doktoratem<\/a>&nbsp;z nauk teologicznych na podstawie&nbsp;<a href=\"https:\/\/pl.wikipedia.org\/wiki\/Dysertacja\">dysertacji<\/a>&nbsp;<em>Pokora i jej znaczenie w \u017cyciu chrze\u015bcija\u0144skim. Studium ascetyczno-duchowe na podstawie pism S\u0142. B. ks. Jana Balickiego<\/em><sup><a href=\"https:\/\/pl.wikipedia.org\/wiki\/Stanis%C5%82aw_Jamrozek#cite_note-Ks._Stanis%C5%82aw_Jamrozek_biskupem_pomocniczym_archidiecezji_przemyskiej-1\">[1]<\/a><\/sup><sup><a href=\"https:\/\/pl.wikipedia.org\/wiki\/Stanis%C5%82aw_Jamrozek#cite_note-Ojciec_duchowny_seminarium_biskupem_pomocniczym_archidiecezji_przemyskiej-3\">[3]<\/a><\/sup>.<\/p>\n\n\n\n<p>W latach 1989\u20131992 by\u0142&nbsp;<a href=\"https:\/\/pl.wikipedia.org\/wiki\/Wikariusz\">wikariuszem<\/a>&nbsp;w&nbsp;<a href=\"https:\/\/pl.wikipedia.org\/wiki\/Parafia_%C5%9Bw._Stanis%C5%82awa_Biskupa_w_Rymanowie-Zdroju\">parafii \u015bw. Stanis\u0142awa Biskupa w Rymanowie-Zdroju<\/a><sup><a href=\"https:\/\/pl.wikipedia.org\/wiki\/Stanis%C5%82aw_Jamrozek#cite_note-Historia_parafii-4\">[4]<\/a><\/sup>. W latach 1994\u20131996 pracowa\u0142 jako sekretarz arcybiskupa&nbsp;<a href=\"https:\/\/pl.wikipedia.org\/wiki\/J%C3%B3zef_Michalik\">J\u00f3zefa Michalika<\/a><sup><a href=\"https:\/\/pl.wikipedia.org\/wiki\/Stanis%C5%82aw_Jamrozek#cite_note-Ks._Stanis%C5%82aw_Jamrozek_biskupem_pomocniczym_archidiecezji_przemyskiej-1\">[1]<\/a><\/sup>. W latach 2000\u20132001 by\u0142 rekolekcjonist\u0105 w O\u015brodku Formacji i Kultury Chrze\u015bcija\u0144skiej w Jaros\u0142awiu. Pe\u0142ni\u0142 funkcj\u0119 opiekuna rodzin dotkni\u0119tych problemem alkoholowym skupionych we wsp\u00f3lnocie Hufiec Maryi. By\u0142&nbsp;<a href=\"https:\/\/pl.wikipedia.org\/wiki\/Postulator\">postulatorem<\/a>&nbsp;w&nbsp;<a href=\"https:\/\/pl.wikipedia.org\/wiki\/Beatyfikacja\">procesie beatyfikacyjnym<\/a>&nbsp;m\u0119czennik\u00f3w II wojny \u015bwiatowej z archidiecezji przemyskiej: rodziny&nbsp;<a href=\"https:\/\/pl.wikipedia.org\/wiki\/J%C3%B3zef_Ulma\">J\u00f3zefa Ulmy<\/a>,&nbsp;<a href=\"https:\/\/pl.wikipedia.org\/wiki\/Julia_Buniowska\">Julii Buniowskiej<\/a>&nbsp;oraz ksi\u0119\u017cy&nbsp;<a href=\"https:\/\/pl.wikipedia.org\/wiki\/Jan_Siuzdak\">Jana Siuzdaka<\/a>&nbsp;i&nbsp;<a href=\"https:\/\/pl.wikipedia.org\/wiki\/Marcin_Tomaka\">Marcina Tomaki<\/a><sup><a href=\"https:\/\/pl.wikipedia.org\/wiki\/Stanis%C5%82aw_Jamrozek#cite_note-Ks._Stanis%C5%82aw_Jamrozek_biskupem_pomocniczym_archidiecezji_przemyskiej-1\">[1]<\/a><\/sup>. W 2009 zosta\u0142&nbsp;<a href=\"https:\/\/pl.wikipedia.org\/wiki\/Kanonik\">kanonikiem gremialnym<\/a>&nbsp;Przemyskiej Kapitu\u0142y Metropolitalnej<sup><a href=\"https:\/\/pl.wikipedia.org\/wiki\/Stanis%C5%82aw_Jamrozek#cite_note-Ojciec_duchowny_seminarium_biskupem_pomocniczym_archidiecezji_przemyskiej-3\">[3]<\/a><\/sup>.<\/p>\n\n\n\n<p>W 2001 zosta\u0142&nbsp;<a href=\"https:\/\/pl.wikipedia.org\/wiki\/Kierownictwo_duchowe\">ojcem duchownym<\/a>&nbsp;w Wy\u017cszym Seminarium Duchownym w Przemy\u015blu<sup><a href=\"https:\/\/pl.wikipedia.org\/wiki\/Stanis%C5%82aw_Jamrozek#cite_note-Ks._Stanis%C5%82aw_Jamrozek_biskupem_pomocniczym_archidiecezji_przemyskiej-1\">[1]<\/a><\/sup>. W przemyskim seminarium prowadzi\u0142 wyk\u0142ady z teologii duchowo\u015bci,&nbsp;<a href=\"https:\/\/pl.wikipedia.org\/wiki\/Hagiografia\">hagiografii<\/a>&nbsp;oraz zaj\u0119cia z j\u0119zyka w\u0142oskiego<sup><a href=\"https:\/\/pl.wikipedia.org\/wiki\/Stanis%C5%82aw_Jamrozek#cite_note-Ojciec_duchowny_seminarium_biskupem_pomocniczym_archidiecezji_przemyskiej-3\">[3]<\/a><\/sup>.<\/p>\n\n\n\n<p>20 kwietnia 2013 papie\u017c&nbsp;<a href=\"https:\/\/pl.wikipedia.org\/wiki\/Franciszek_(papie%C5%BC)\">Franciszek<\/a>&nbsp;mianowa\u0142 go&nbsp;<a href=\"https:\/\/pl.wikipedia.org\/wiki\/Biskup_pomocniczy\">biskupem pomocniczym<\/a>&nbsp;<a href=\"https:\/\/pl.wikipedia.org\/wiki\/Archidiecezja_przemyska\">archidiecezji przemyskiej<\/a>&nbsp;i&nbsp;<a href=\"https:\/\/pl.wikipedia.org\/wiki\/Biskup_tytularny\">biskupem tytularnym<\/a>&nbsp;<a href=\"https:\/\/pl.wikipedia.org\/wiki\/Diecezja_che%C5%82mska_(rzymskokatolicka)\">Che\u0142ma<\/a><sup><a href=\"https:\/\/pl.wikipedia.org\/wiki\/Stanis%C5%82aw_Jamrozek#cite_note-Nomina_di_Ausiliare_di_Przemy%C5%9Bl_(Polonia)-5\">[5]<\/a><\/sup><sup><a href=\"https:\/\/pl.wikipedia.org\/wiki\/Stanis%C5%82aw_Jamrozek#cite_note-Przemy%C5%9Bl:_Ks._Stanis%C5%82aw_Jamrozek_%E2%80%93_biskupem_pomocniczym_archidiecezji_przemyskiej-6\">[6]<\/a><\/sup>.&nbsp;<a href=\"https:\/\/pl.wikipedia.org\/wiki\/Sakra\">\u015awi\u0119cenia biskupie<\/a>&nbsp;otrzyma\u0142 20 maja 2013 w&nbsp;<a href=\"https:\/\/pl.wikipedia.org\/wiki\/Bazylika_archikatedralna_Wniebowzi%C4%99cia_Naj%C5%9Bwi%C4%99tszej_Maryi_Panny_i_%C5%9Bw._Jana_Chrzciciela_w_Przemy%C5%9Blu\">archikatedrze przemyskiej<\/a>. Udzieli\u0142 mu ich&nbsp;<a href=\"https:\/\/pl.wikipedia.org\/wiki\/J%C3%B3zef_Michalik\">J\u00f3zef Michalik<\/a>, arcybiskup metropolita przemyski, w asy\u015bcie arcybiskupa&nbsp;<a href=\"https:\/\/pl.wikipedia.org\/wiki\/Celestino_Migliore\">Celestina Migliorego<\/a>, nuncjusza apostolskiego w Polsce, i&nbsp;<a href=\"https:\/\/pl.wikipedia.org\/wiki\/Adam_Szal\">Adama Szala<\/a>, biskupa pomocniczego przemyskiego<sup><a href=\"https:\/\/pl.wikipedia.org\/wiki\/Stanis%C5%82aw_Jamrozek#cite_note-Konsekracja_bp._Stanis%C5%82awa_Jamrozka-7\">[7]<\/a><\/sup>. Jako dewiz\u0119 biskupi\u0105 przyj\u0105\u0142 s\u0142owa \u201e<em>Veritatis Evangelio servire<\/em>\u201d (<em>S\u0142u\u017cy\u0107 Ewangelii Prawdy<\/em>)<sup><a href=\"https:\/\/pl.wikipedia.org\/wiki\/Stanis%C5%82aw_Jamrozek#cite_note-%C5%9Awi%C4%99cenia_biskupie_w_Przemy%C5%9Blu-8\">[8]<\/a><\/sup>.<\/p>\n\n\n\n<p>W strukturach&nbsp;<a href=\"https:\/\/pl.wikipedia.org\/wiki\/Konferencja_Episkopatu_Polski\">Konferencji Episkopatu Polski<\/a>&nbsp;zosta\u0142 w 2017<sup><a href=\"https:\/\/pl.wikipedia.org\/wiki\/Stanis%C5%82aw_Jamrozek#cite_note-Wybory_375._Zebrania_Plenarnego_KEP-9\">[9]<\/a><\/sup>&nbsp;delegatem ds. Ruch\u00f3w, Grup, Wsp\u00f3lnot i Stowarzysze\u0144 Intronizacji Jezusa Chrystusa<sup><a href=\"https:\/\/pl.wikipedia.org\/wiki\/Stanis%C5%82aw_Jamrozek#cite_note-episkopat-10\">[10]<\/a><\/sup>.<\/p>\n\n\n\n<p>W 2017 zosta\u0142 kapelanem&nbsp;<a href=\"https:\/\/pl.wikipedia.org\/wiki\/Zakon_Rycerzy_%C5%9Bw._%C5%81azarza\">Zakonu Rycerzy i Szpitalnik\u00f3w \u015bw. \u0141azarza z Jerozolimy<\/a>&nbsp;i obj\u0105\u0142 funkcj\u0119 protektora duchowego komandorii podkarpackiej<sup><a href=\"https:\/\/pl.wikipedia.org\/wiki\/Stanis%C5%82aw_Jamrozek#cite_note-Jasna_G%C3%B3ra:_Pielgrzymka_Zakonu_Rycerzy_i_Szpitalnik%C3%B3w_%C5%9Bw._%C5%81azarza_z_Jerozolimy-11\">[11]<\/a><\/sup>.<\/p>\n\n\n\n<p>W 2020 asystowa\u0142 w sakrze\u00a0<a href=\"https:\/\/pl.wikipedia.org\/wiki\/Krzysztof_Chudzio\">Krzysztofa Chudzia<\/a>, biskupa pomocniczego przemyskiego<sup><a href=\"https:\/\/pl.wikipedia.org\/wiki\/Stanis%C5%82aw_Jamrozek#cite_note-catholic-hierarchy-12\">[12]<\/a><\/sup>.<\/p>\n\n\n\n<p><em><a href=\"https:\/\/pl.wikipedia.org\/wiki\/Stanis%C5%82aw_Jamrozek\">\u0179r\u00f3d\u0142o: Wikipedia<\/a><\/em><\/p>\n","protected":false},"excerpt":{"rendered":"<p>Urodzi\u0142 si\u0119 5 maja 1960 w Rzeszowie[1], a dorasta\u0142 w&nbsp;Malawie[2]. Uko\u0144czy\u0142 Technikum Budowlane w Rzeszowie i w 1980 z\u0142o\u017cy\u0142 egzamin dojrza\u0142o\u015bci. Nast\u0119pnie przez trzy lata pracowa\u0142 w wyuczonym zawodzie, jednocze\u015bnie b\u0119d\u0105c pi\u0142karzem&nbsp;Waltera&nbsp;i&nbsp;Zelmeru Rzesz\u00f3w&nbsp;oraz Strumyku Malawa. W latach 1983\u20131989 odby\u0142 studia w&nbsp;Wy\u017cszym Seminarium Duchownym w Przemy\u015blu[1]. 13 stycznia 1989 otrzyma\u0142&nbsp;\u015bwi\u0119cenia&nbsp;diakonatu[3], a 14 czerwca 1989 zosta\u0142 wy\u015bwi\u0119cony&hellip; <a class=\"more-link\" href=\"https:\/\/moc-sms.pl\/index.php\/bp-stanislaw-jamrozek\/\">Czytaj dalej <span class=\"screen-reader-text\">bp Stanis\u0142aw Jamrozek<\/span><\/a><\/p>\n","protected":false},"author":1,"featured_media":0,"parent":0,"menu_order":0,"comment_status":"closed","ping_status":"closed","template":"","meta":{"footnotes":""},"class_list":["post-20","page","type-page","status-publish","hentry","entry"],"_links":{"self":[{"href":"https:\/\/moc-sms.pl\/index.php\/wp-json\/wp\/v2\/pages\/20","targetHints":{"allow":["GET"]}}],"collection":[{"href":"https:\/\/moc-sms.pl\/index.php\/wp-json\/wp\/v2\/pages"}],"about":[{"href":"https:\/\/moc-sms.pl\/index.php\/wp-json\/wp\/v2\/types\/page"}],"author":[{"embeddable":true,"href":"https:\/\/moc-sms.pl\/index.php\/wp-json\/wp\/v2\/users\/1"}],"replies":[{"embeddable":true,"href":"https:\/\/moc-sms.pl\/index.php\/wp-json\/wp\/v2\/comments?post=20"}],"version-history":[{"count":1,"href":"https:\/\/moc-sms.pl\/index.php\/wp-json\/wp\/v2\/pages\/20\/revisions"}],"predecessor-version":[{"id":22,"href":"https:\/\/moc-sms.pl\/index.php\/wp-json\/wp\/v2\/pages\/20\/revisions\/22"}],"wp:attachment":[{"href":"https:\/\/moc-sms.pl\/index.php\/wp-json\/wp\/v2\/media?parent=20"}],"curies":[{"name":"wp","href":"https:\/\/api.w.org\/{rel}","templated":true}]}}